{"id":763,"date":"2019-07-25T20:54:59","date_gmt":"2019-07-25T20:54:59","guid":{"rendered":"http:\/\/bello-ade-in-park-und-see.de\/?page_id=763"},"modified":"2019-07-26T14:33:22","modified_gmt":"2019-07-26T14:33:22","slug":"coco-verliess-ice-in-spandau","status":"publish","type":"page","link":"https:\/\/bello-ade-in-park-und-see.de\/index.php\/coco-verliess-ice-in-spandau\/","title":{"rendered":"&#8222;Coco&#8220; verlie\u00df ICE in Spandau"},"content":{"rendered":"\n<p style=\"text-align:right\"><a href=\"http:\/\/bello-ade-in-park-und-see.de\/wp-content\/uploads\/2019\/07\/Coco.pdf\">PDF-Version<\/a><\/p>\n\n\n\n<p class=\"has-medium-font-size\">In Zukunft wird er schon vorher aussteigen m\u00fcssen<br><\/p>\n\n\n\n<p>\u201eDie Fahrt von Hamburg nach Berlin kann schon mal lange dauern, dachte sich vermutlich der Hund \u201aCoco\u2018 und stieg beim Halt des ICEs am Bahnhof Spandau kurzerhand ohne sein Herrchen aus. Der Mann entdeckte seinen abtr\u00fcnnigen Gef\u00e4hrten auf dem Bahnsteig erst, als sich die T\u00fcren schlossen und der Zug gen Hauptbahnhof weiterrollte. Ein Mitreisender brachte den einsamen, aber zutraulichen Coco zur \u00f6rtlichen Bundespolizei, die sein Herrchen verst\u00e4ndigte, sodass Coco schon bald wieder zweisam durch die Hauptstadt wandeln konnte\u201c, schrieb <a href=\"https:\/\/www.tagesspiegel.de\/berlin\/berlin-coco-verliess-ice-in-spandau-ohne-herrchen\/23901488.html\">der Tagesspiegel <\/a>am 23.1.2019.<\/p>\n\n\n\n<p>Ob \u201eCoco\u201c sich dabei etwas gedacht hat, ob er einsam war\nund sich anschlie\u00dfend freute, \u201ewieder zweisam durch die Hauptstadt\u201c wandeln zu\nk\u00f6nnen, wissen wir nicht. Der Tagesspiegel hat vers\u00e4umt, den Hund zu befragen.\nIm Forum des Tagesspiegels gab jemand zu bedenken, dass der Hund wom\u00f6glich vor\nseinem Halter geflohen sein k\u00f6nnte, mit diesem Menschen eben nicht \u201edurch die\nHauptstadt wandeln\u201c wollte. Zumindest war der Hund in gro\u00dfer Gefahr (und auch\neine Gef\u00e4hrdung f\u00fcr andere). Was h\u00e4tte ihm auf einem Bahnhof, in den alle paar\nMinuten ein Zug einf\u00e4hrt, nicht alles passieren k\u00f6nnen! Der Halter hat gegen seine\nBetreuungspflicht versto\u00dfen.<\/p>\n\n\n\n<p>Lustig jedenfalls fanden wir die Geschichte nicht. In der\nDeutschen Bahn herrscht Anlein- und Maulkorbpflicht. \u201eCoco\u201c aber trug weder\nLeine noch Maulkorb; auch die Steuermarke fehlte. Wir haben bei der\nBundespolizei und der Deutschen Bahn nachgehakt. Nach etlichem Hin und Her\nerhielten wir vom Kundendialog der Deutschen Bahn folgende Mitteilung. Nach\nEreignissen und aus versicherungsrechtlichen Gr\u00fcnden habe die Bahn alle\nMitarbeiter*innen im Zugbegleitdienst folgenderma\u00dfen angewiesen:<\/p>\n\n\n\n<p>\u201eDie seit 2002 geltenden Bef\u00f6rderungsbedingungen zur Mitnahme von Hunden,\ndie nicht in einem geschlossenen Beh\u00e4ltnis mitgenommen werden, sind ausnahmslos\ndurchzusetzen. Zur Gew\u00e4hrleistung der Sicherheit von Menschen und Hunden im Zug\nwerden Hunde nur noch angeleint und mit Maulkorb versehen in den Z\u00fcgen der\nDeutschen Bahn mitgenommen.\u201c<\/p>\n\n\n\n<p>Sollten Hundehalter*innen\nder Aufforderung zum Anlegen der Leine und des Maulkorbs nicht nachkommen,<\/p>\n\n\n\n<p>\u201ewird der Hund von der Weiterfahrt ausgeschlossen\u201c,<\/p>\n\n\n\n<p>und zwar selbst\ndann, wenn die Mitreisenden die Anwesenheit des Hundes tolerieren w\u00fcrden.<\/p>\n\n\n\n<p>Forist \u201eKapitel\u201c\nkommentierte im Tagesspiegel: \u201eWelcome Coco, have a nice time in\nSpandau\u201c. Bis nach Spandau aber wird Coco es in Zukunft nicht mehr schaffen.\nF\u00fcr ihn wird die Fahrt schon weit vorher beendet sein. \u201eAusnahmslos\u201c wird er\nrausgeworfen. Und das ist auch gut so.<\/p>\n\n\n\n<p>Bleibt nur noch zu\nfragen, warum die Bahn nicht schon auf den Einstiegsbahnh\u00f6fen kontrolliert.\nDies w\u00fcrde ungeplante Zwischenstopps und dortige Polizeieins\u00e4tze vermeiden. Und\nin der Bahn-Tochter \u201eS-Bahn Berlin\u201c sowie in den Bahnen und Bussen der BVG\nsollte die auch dort bestehende Anlein- und Maulkorbpflicht endlich durchgesetzt\nwerden.<\/p>\n\n\n\n<div class=\"wp-block-image\"><figure class=\"alignleft\"><img loading=\"lazy\" decoding=\"async\" width=\"800\" height=\"628\" src=\"https:\/\/bello-ade-in-park-und-see.de\/wp-content\/uploads\/2019\/07\/S.-Bahn__Sabine_Ausschnitt_6-8.jpg\" alt=\"\" class=\"wp-image-764\" srcset=\"https:\/\/bello-ade-in-park-und-see.de\/wp-content\/uploads\/2019\/07\/S.-Bahn__Sabine_Ausschnitt_6-8.jpg 800w, https:\/\/bello-ade-in-park-und-see.de\/wp-content\/uploads\/2019\/07\/S.-Bahn__Sabine_Ausschnitt_6-8-300x236.jpg 300w, https:\/\/bello-ade-in-park-und-see.de\/wp-content\/uploads\/2019\/07\/S.-Bahn__Sabine_Ausschnitt_6-8-768x603.jpg 768w\" sizes=\"auto, (max-width: 800px) 100vw, 800px\" \/><figcaption> S-Bahn Berlin: Hund blockiert den Zugang zu Sitzpl\u00e4tzen. Auch ein  \u00e4lteres Paar, beide mit Unterarmgehst\u00fctzen, musste daran vorbei. <\/figcaption><\/figure><\/div>\n\n\n\n<p style=\"text-align:left\">Ver\u00f6ffentlicht am 25.7.2019<\/p>\n\n\n\n<p><br><\/p>\n","protected":false},"excerpt":{"rendered":"<p>PDF-Version In Zukunft wird er schon vorher aussteigen m\u00fcssen \u201eDie Fahrt von Hamburg nach Berlin kann schon mal lange dauern, dachte sich vermutlich der Hund \u201aCoco\u2018 und stieg beim Halt des ICEs am Bahnhof Spandau kurzerhand ohne sein Herrchen aus. &hellip; <a href=\"https:\/\/bello-ade-in-park-und-see.de\/index.php\/coco-verliess-ice-in-spandau\/\">Weiterlesen <span class=\"meta-nav\">&rarr;<\/span><\/a><\/p>\n","protected":false},"author":3,"featured_media":0,"parent":0,"menu_order":0,"comment_status":"closed","ping_status":"closed","template":"full-width-page.php","meta":{"footnotes":""},"class_list":["post-763","page","type-page","status-publish","hentry"],"_links":{"self":[{"href":"https:\/\/bello-ade-in-park-und-see.de\/index.php\/wp-json\/wp\/v2\/pages\/763","targetHints":{"allow":["GET"]}}],"collection":[{"href":"https:\/\/bello-ade-in-park-und-see.de\/index.php\/wp-json\/wp\/v2\/pages"}],"about":[{"href":"https:\/\/bello-ade-in-park-und-see.de\/index.php\/wp-json\/wp\/v2\/types\/page"}],"author":[{"embeddable":true,"href":"https:\/\/bello-ade-in-park-und-see.de\/index.php\/wp-json\/wp\/v2\/users\/3"}],"replies":[{"embeddable":true,"href":"https:\/\/bello-ade-in-park-und-see.de\/index.php\/wp-json\/wp\/v2\/comments?post=763"}],"version-history":[{"count":7,"href":"https:\/\/bello-ade-in-park-und-see.de\/index.php\/wp-json\/wp\/v2\/pages\/763\/revisions"}],"predecessor-version":[{"id":777,"href":"https:\/\/bello-ade-in-park-und-see.de\/index.php\/wp-json\/wp\/v2\/pages\/763\/revisions\/777"}],"wp:attachment":[{"href":"https:\/\/bello-ade-in-park-und-see.de\/index.php\/wp-json\/wp\/v2\/media?parent=763"}],"curies":[{"name":"wp","href":"https:\/\/api.w.org\/{rel}","templated":true}]}}